{"id":5975,"date":"2021-04-15T14:13:20","date_gmt":"2021-04-15T14:13:20","guid":{"rendered":"http:\/\/socored.es\/mini-data-center\/dc-itsafe-office-edition\/"},"modified":"2021-04-21T10:37:01","modified_gmt":"2021-04-21T10:37:01","slug":"dc-itsafe-office-edition","status":"publish","type":"page","link":"https:\/\/socored.es\/ca\/mini-data-center\/dc-itsafe-office-edition\/","title":{"rendered":"DC-ITSafe Office Edition"},"content":{"rendered":"<div class=\"wpb-content-wrapper\"><p>[vc_row][vc_column][vc_empty_space height=&#8221;62px&#8221;][\/vc_column][\/vc_row][vc_row content_width=&#8221;grid&#8221;][vc_column width=&#8221;5\/12&#8243;][vc_single_image image=&#8221;4653&#8243; img_size=&#8221;full&#8221;][\/vc_column][vc_column width=&#8221;7\/12&#8243;][vc_column_text]<\/p>\n<h1>DC-ITSAFE OFFICE EDITION<\/h1>\n<section class=\"av_textblock_section\">\n<div class=\"avia_textblock \">\n<h3>La protecci\u00f3 Plug-&amp;-Safe per al seu equipament TI<\/h3>\n<\/div>\n<\/section>\n<div class=\"hr hr-invisible avia-builder-el-4 el_after_av_textblock el_before_av_textblock \"><\/div>\n<p>[\/vc_column_text][vc_empty_space][vc_column_text]<\/p>\n<table class=\"light\">\n<tbody>\n<tr>\n<td>Dimensions(Alto x Ancho x Prof.)<\/td>\n<td>1678 x 790 x 1200 mm<\/td>\n<\/tr>\n<tr class=\"highlighted\">\n<td>Protecci\u00f3 contra Pols i Aigua<\/td>\n<td>IP 56 segons EN 60529<\/td>\n<\/tr>\n<tr>\n<td>Protecci\u00f3 contra Intrusi\u00f3<\/td>\n<td>RC 2 segons EN 1627\/EN 1630<\/td>\n<\/tr>\n<tr class=\"highlighted\">\n<td>Protecci\u00f3 contra foc<\/td>\n<td>EI 90 segons EN 1363\/EN 13501<\/td>\n<\/tr>\n<\/tbody>\n<\/table>\n<p>[\/vc_column_text][vc_empty_space][vc_column_text]<strong>Protecci\u00f3 b\u00e0sica contra:<\/strong>[\/vc_column_text][vc_single_image image=&#8221;4618&#8243; img_size=&#8221;full&#8221;][vc_column_text]<\/p>\n<ul>\n<li>Protecci\u00f3 per a la seva inform\u00e0tica i equips TI contra incendis, aigua, pols, robatori i explosi\u00f3.<\/li>\n<li>Refrigeraci\u00f3 integrat: no necessita instal\u00b7laci\u00f3 frigor\u00edfica ni unitats exteriors<\/li>\n<li>Unitat d&#8217;aire condicionat silenciosa i eficient energ\u00e8ticament, tamb\u00e9 adequada per al seu \u00fas en oficines de planta oberta<\/li>\n<li>Ideal per a negocis sensibles a les dades amb petites estructures inform\u00e0tiques com cl\u00edniques, bufets d&#8217;advocats, etc.<\/li>\n<\/ul>\n<p>[\/vc_column_text][\/vc_column][\/vc_row][vc_row content_width=&#8221;grid&#8221;][vc_column][vc_empty_space height=&#8221;62px&#8221; css=&#8221;.vc_custom_1614614079219{border-bottom-width: 3px !important;border-bottom-color: #e8e8e8 !important;border-bottom-style: solid !important;}&#8221;][vc_empty_space][vc_row_inner][vc_column_inner width=&#8221;1\/4&#8243;][vc_single_image image=&#8221;4656&#8243; img_size=&#8221;full&#8221; alignment=&#8221;center&#8221;][\/vc_column_inner][vc_column_inner width=&#8221;1\/4&#8243;][vc_single_image image=&#8221;4655&#8243; img_size=&#8221;full&#8221; alignment=&#8221;center&#8221;][\/vc_column_inner][vc_column_inner width=&#8221;1\/4&#8243;][vc_single_image image=&#8221;4654&#8243; img_size=&#8221;full&#8221; alignment=&#8221;center&#8221;][\/vc_column_inner][vc_column_inner width=&#8221;1\/4&#8243;][vc_single_image image=&#8221;4653&#8243; img_size=&#8221;full&#8221; alignment=&#8221;center&#8221;][\/vc_column_inner][\/vc_row_inner][vc_empty_space height=&#8221;62px&#8221; css=&#8221;.vc_custom_1614614079219{border-bottom-width: 3px !important;border-bottom-color: #e8e8e8 !important;border-bottom-style: solid !important;}&#8221;][vc_empty_space height=&#8221;62px&#8221;][vc_column_text]<\/p>\n<div class=\"flex_column av_one_full flex_column_div av-zero-column-padding first avia-builder-el-9 el_after_av_hr el_before_av_one_half \">\n<section class=\"av_textblock_section\">\n<div class=\"avia_textblock \">\n<h3>Caracter\u00edstiques del DC-ITSafe \u2013HighDens Edition<\/h3>\n<\/div>\n<\/section>\n<\/div>\n<div class=\"flex_column av_one_half flex_column_div av-zero-column-padding first avia-builder-el-11 el_after_av_one_full el_before_av_one_half column-top-margin\">\n<section class=\"av_textblock_section\">\n<div class=\"avia_textblock \"><\/div>\n<\/section>\n<\/div>\n<p>[\/vc_column_text][vc_empty_space][\/vc_column][\/vc_row][vc_row content_width=&#8221;grid&#8221;][vc_column]<div class=\"mkdf-accordion-holder clearfix mkdf-toggle mkdf-boxed \">\n\t<h6 class=\"clearfix mkdf-title-holder\">\n<span class=\"mkdf-accordion-mark mkdf-left-mark\">\n\t\t<span class=\"mkdf-accordion-mark-icon\">\n\t\t\t<span class=\"icon_plus\"><\/span>\n\t\t\t<span class=\"icon_minus-06\"><\/span>\n\t\t<\/span>\n<\/span>\n<span class=\"mkdf-tab-title\">\n\t\t<span class=\"mkdf-tab-title-inner\">\n\t\t\t <span class=\"mkdf-icon-accordion-holder\">\n\t\t\t\t \t\t\t <\/span>\n\t\t\tDetalls T\u00e8cnics\t\t<\/span>\n<\/span>\n<\/h6>\n<div class=\"mkdf-accordion-content\">\n\t<div class=\"mkdf-accordion-content-inner\">\n\t\t[vc_column_text]<\/p>\n<div class=\"elementStandard elementContent elementTable\">\n<table class=\"default\">\n<thead>\n<tr>\n<th>CARACTER\u00cdSTIQUES T\u00c8CNIQUES<\/th>\n<th>DC-ITSAFE OFFICE EDITION<\/th>\n<\/tr>\n<\/thead>\n<tbody>\n<tr>\n<td>DIMENSIONS<\/td>\n<td><\/td>\n<\/tr>\n<tr class=\"highlighted\">\n<td>Al\u00e7ada(mm)<\/td>\n<td>1678<\/td>\n<\/tr>\n<tr>\n<td>Amplada(mm)<\/td>\n<td>790<\/td>\n<\/tr>\n<tr class=\"highlighted\">\n<td>Profunditat(mm)<\/td>\n<td>1200<\/td>\n<\/tr>\n<tr>\n<td>Marco 19\u2033<\/td>\n<td>800 x 900 mm<\/td>\n<\/tr>\n<tr class=\"highlighted\">\n<td>Unitats Rack<\/td>\n<td>21 (19 horizontal, 2 vertical)<\/td>\n<\/tr>\n<tr>\n<td>PESO<\/td>\n<td><\/td>\n<\/tr>\n<tr class=\"highlighted\">\n<td>Pes en buit (kg)<\/td>\n<td>450-500kg<\/td>\n<\/tr>\n<tr>\n<td>EQUIPAMENT<\/td>\n<td><\/td>\n<\/tr>\n<tr class=\"highlighted\">\n<td>Passos de cable<\/td>\n<td>2 (els laterals)<\/td>\n<\/tr>\n<tr>\n<td>Aire condicionat<\/td>\n<td>Solucions d&#8217;aire condicionat herm\u00e8ticament separades i flexibles (sistema dividit) de fins a 1,6 kW de pot\u00e8ncia de sortida<\/td>\n<\/tr>\n<tr class=\"highlighted\">\n<td>Sistema de tancament<\/td>\n<td>pany amb perfil mitj\u00e0 cilindre<\/td>\n<\/tr>\n<\/tbody>\n<\/table>\n<\/div>\n<div class=\"elementStandard elementContent elementText elementText_var0\">\n<p><strong>Equipment Opcional:<\/strong><\/p>\n<\/div>\n<div class=\"elementStandard elementContent elementText elementText_var0\">\n<p>Pany de cilindre de perfil el\u00e8ctric, sistema de monitoritzaci\u00f3 permanent, PDU passives o intel\u00b7ligents, detecci\u00f3 primerenca de fum i incendi, sistema d&#8217;extinci\u00f3 d&#8217;incendis de CO\u00b2, font d&#8217;alimentaci\u00f3 ininterrompuda (UPS) de fins a 3kVA, part posterior tancada i diversos equips de rack.<\/p>\n<\/div>\n<p>[\/vc_column_text]\n\t\t\t<\/div>\n<\/div>\n<h6 class=\"clearfix mkdf-title-holder\">\n<span class=\"mkdf-accordion-mark mkdf-left-mark\">\n\t\t<span class=\"mkdf-accordion-mark-icon\">\n\t\t\t<span class=\"icon_plus\"><\/span>\n\t\t\t<span class=\"icon_minus-06\"><\/span>\n\t\t<\/span>\n<\/span>\n<span class=\"mkdf-tab-title\">\n\t\t<span class=\"mkdf-tab-title-inner\">\n\t\t\t <span class=\"mkdf-icon-accordion-holder\">\n\t\t\t\t \t\t\t <\/span>\n\t\t\tDibuixos T\u00e8cnics\t\t<\/span>\n<\/span>\n<\/h6>\n<div class=\"mkdf-accordion-content\">\n\t<div class=\"mkdf-accordion-content-inner\">\n\t\t[vc_single_image image=&#8221;4703&#8243; img_size=&#8221;full&#8221;]\n\t\t\t<\/div>\n<\/div>\n<\/div>[vc_empty_space][\/vc_column][\/vc_row][vc_row content_width=&#8221;grid&#8221;][vc_column][vc_empty_space height=&#8221;62px&#8221; css=&#8221;.vc_custom_1614614079219{border-bottom-width: 3px !important;border-bottom-color: #e8e8e8 !important;border-bottom-style: solid !important;}&#8221;][vc_empty_space height=&#8221;62px&#8221;][vc_column_text]<\/p>\n<h3>DC-ITSafe Office Edition &#8211; Equipament i opcions<\/h3>\n<p>[\/vc_column_text][vc_column_text]<strong>Equipament Est\u00e0ndard<\/strong>[\/vc_column_text][vc_empty_space][\/vc_column][\/vc_row][vc_row content_width=&#8221;grid&#8221;][vc_column width=&#8221;1\/3&#8243;][vc_single_image image=&#8221;4654&#8243; img_size=&#8221;full&#8221; alignment=&#8221;center&#8221;][vc_column_text]S\u00f2cols per facilitar el transport.[\/vc_column_text][vc_empty_space][\/vc_column][vc_column width=&#8221;1\/3&#8243;][vc_single_image image=&#8221;4678&#8243; img_size=&#8221;full&#8221; alignment=&#8221;center&#8221;][vc_column_text]Dos cableductos per a entrada \/ sortida cables.[\/vc_column_text][vc_empty_space][\/vc_column][vc_column width=&#8221;1\/3&#8243;][vc_single_image image=&#8221;4681&#8243; img_size=&#8221;full&#8221; alignment=&#8221;center&#8221;][vc_column_text]Pany amb cilindre de clau.[\/vc_column_text][vc_empty_space][\/vc_column][\/vc_row][vc_row content_width=&#8221;grid&#8221;][vc_column width=&#8221;1\/3&#8243;][vc_single_image image=&#8221;4653&#8243; img_size=&#8221;full&#8221; alignment=&#8221;center&#8221;][vc_column_text]Sistema d&#8217;aire condicionat dividit amb unitat exterior sobre l&#8217;armari i un evaporador dins de la caixa forta.<\/p>\n<p>[\/vc_column_text][vc_empty_space][\/vc_column][vc_column width=&#8221;1\/3&#8243;][vc_single_image image=&#8221;4671&#8243; img_size=&#8221;full&#8221; alignment=&#8221;center&#8221;][vc_column_text]Control clim\u00e0tic modern amb alarma de temperatura individual i indicador d&#8217;avaria.<\/p>\n<p>[\/vc_column_text][vc_empty_space][\/vc_column][vc_column width=&#8221;1\/3&#8243;][vc_single_image image=&#8221;4675&#8243; img_size=&#8221;full&#8221; alignment=&#8221;center&#8221;][vc_column_text]Interruptor d&#8217;emerg\u00e8ncia sobre la porta del darrere.<\/p>\n<p>[\/vc_column_text][vc_empty_space][\/vc_column][\/vc_row][vc_row content_width=&#8221;grid&#8221;][vc_column][vc_empty_space height=&#8221;62px&#8221; css=&#8221;.vc_custom_1614614079219{border-bottom-width: 3px !important;border-bottom-color: #e8e8e8 !important;border-bottom-style: solid !important;}&#8221;][vc_empty_space height=&#8221;62px&#8221;][vc_column_text]<strong>Equipament opcional<\/strong><\/p>\n<p>[\/vc_column_text][vc_empty_space][\/vc_column][\/vc_row][vc_row content_width=&#8221;grid&#8221;][vc_column width=&#8221;1\/3&#8243;][vc_single_image image=&#8221;4672&#8243; img_size=&#8221;full&#8221; alignment=&#8221;center&#8221;][vc_column_text]Opcional: detecci\u00f3 preco\u00e7 d&#8217;incendis opcionalment amb sistema d&#8217;extinci\u00f3<\/p>\n<p>[\/vc_column_text][vc_empty_space][\/vc_column][vc_column width=&#8221;1\/3&#8243;][vc_single_image image=&#8221;4674&#8243; img_size=&#8221;full&#8221; alignment=&#8221;center&#8221;][vc_column_text]Opcional: sistema de monitorizacion d&#8217;alarmes Webserver<\/p>\n<p>[\/vc_column_text][vc_empty_space][\/vc_column][vc_column width=&#8221;1\/3&#8243;][vc_single_image image=&#8221;4676&#8243; img_size=&#8221;full&#8221; alignment=&#8221;center&#8221;][vc_column_text]Opcional: Tomas d&#8217;energia PDU (passiva o intel\u00b7ligent)<\/p>\n<p>[\/vc_column_text][vc_empty_space][\/vc_column][\/vc_row][vc_row content_width=&#8221;grid&#8221;][vc_column width=&#8221;1\/3&#8243;][vc_single_image image=&#8221;4682&#8243; img_size=&#8221;full&#8221; alignment=&#8221;center&#8221;][vc_column_text]Opcional: SAI sistema d&#8217;alimentaci\u00f3 ininterrompuda (UPS) de fins a 3 kVA<\/p>\n<p>[\/vc_column_text][vc_empty_space][\/vc_column][vc_column width=&#8221;1\/3&#8243;][vc_single_image image=&#8221;4680&#8243; img_size=&#8221;full&#8221; alignment=&#8221;center&#8221;][vc_column_text]Opcional: pany el\u00e8ctrica<\/p>\n<p>[\/vc_column_text][vc_empty_space][\/vc_column][vc_column width=&#8221;1\/3&#8243;][vc_single_image image=&#8221;4683&#8243; img_size=&#8221;full&#8221; alignment=&#8221;center&#8221;][vc_column_text]Opcional: accessoris rack 19 &#8221;<\/p>\n<p>[\/vc_column_text][vc_empty_space][\/vc_column][\/vc_row][vc_row content_width=&#8221;grid&#8221;][vc_column][vc_empty_space height=&#8221;62px&#8221;][vc_column_text]<\/p>\n<h3>Avantatges i Beneficis<\/h3>\n<p>[\/vc_column_text][vc_empty_space][vc_row_inner][vc_column_inner width=&#8221;1\/2&#8243;][vc_column_text]El rack de seguretat DC-ITSafe ofereix una seguretat a el m\u00e9s alt nivell per al seu equipament IT. En canvi, en moltes empreses i entorns requereixen de solucions m\u00e9s compactes i senzilles per a la infraestructura IT, per exemple, empreses sensibles a les dades com oficines d&#8217;advocats, cl\u00edniques i ag\u00e8ncies. Som conscients de la creixent demanda de sistemes de protecci\u00f3 (tot ha de fer-se m\u00e9s petit, per\u00f2 m\u00e9s segur a el mateix temps) Per aquest motiu, RZproducts va desenvolupar la seg\u00fcent generaci\u00f3 de Mini o en aquest cas Micro Data Center: DC-ITSafe Office Edition.<\/p>\n<p>No \u00e9s \u00fanicament una opci\u00f3 m\u00e9s econ\u00f2mica, sin\u00f3 que a el mateix temps una alternativa directa a l&#8217;habitual Mini Data Center DC-ITSafe. Amb el seu nou sistema plug and play i una al\u00e7ada de 167 cm, el nostre Office Edition \u00e9s el disseny m\u00e9s intel\u00b7ligent i innovador en aquesta \u00e0rea.<\/p>\n<p>A m\u00e9s: el s\u00f2col de l&#8217;armari de seguretat fa que el transport sigui molt m\u00e9s f\u00e0cil. Gr\u00e0cies al seu aire condicionat integrat de tecnologia Inverter, que \u00e9s extremadament silenci\u00f3s i de baix consum, el nou model Office pot cabre perfectament en qualsevol oficina oberta sense ser protagonista per soroll i espai. El sistema d&#8217;aire condicionat Split garanteix una separaci\u00f3 herm\u00e8tica de les unitats exteriors sobre el DC-ITSafe i l&#8217;evaporador dins de la unitat per complir amb les mesures de protecci\u00f3.[\/vc_column_text][\/vc_column_inner][vc_column_inner width=&#8221;1\/2&#8243;][vc_column_text]Aquest sistema de climatitzaci\u00f3 t\u00e9 una capacitat de refredament de 0.6 &#8211; 1.6 kW que inclou una moderna unitat de control amb control individual de la valor d&#8217;alarma de temperatura integrada en aquesta DC-ITSafe. A m\u00e9s, s&#8217;eliminen les complexes instal\u00b7lacions frigor\u00edfiques amb unitats condensadores externs o fora de l&#8217;edifici, que s\u00f3n costoses, el que pot ser ideal en edificis llogats. Amb fins 21UA (unitats d&#8217;al\u00e7ada), el nou micro CPD DC-ITSafe Office Edition ofereix una protecci\u00f3 integral contra perills f\u00edsics i acc\u00e9s no autoritzat. No deixeu res a l&#8217;atzar: deixeu que un expert en TI s&#8217;encarregui de la seva seguretat i integritat de les dades. En general, tots els productes DC-ITSafe s\u00f3n \u00e0mpliament coneguts per la seva protecci\u00f3 contra incendis, robatoris, pols i aigua d&#8217;extinci\u00f3. Si t\u00e9 alguna pregunta, no dubti en contactar-nos. Oferim solucions professionals per a infraestructures IT personalitzades per a cada cas.<\/p>\n<p>[\/vc_column_text][\/vc_column_inner][\/vc_row_inner][vc_empty_space height=&#8221;62px&#8221;][\/vc_column][\/vc_row]<\/p>\n<\/div>","protected":false},"excerpt":{"rendered":"<p>[vc_row][vc_column][vc_empty_space height=&#8221;62px&#8221;][\/vc_column][\/vc_row][vc_row content_width=&#8221;grid&#8221;][vc_column width=&#8221;5\/12&#8243;][vc_single_image image=&#8221;4653&#8243; img_size=&#8221;full&#8221;][\/vc_column][vc_column width=&#8221;7\/12&#8243;][vc_column_text] DC-ITSAFE OFFICE EDITION La protecci\u00f3 Plug-&amp;-Safe per al seu equipament TI [\/vc_column_text][vc_empty_space][vc_column_text] Dimensions(Alto x Ancho x Prof.) 1678 x 790&#8230;<\/p>\n","protected":false},"author":1,"featured_media":0,"parent":5964,"menu_order":0,"comment_status":"closed","ping_status":"closed","template":"","meta":[],"_links":{"self":[{"href":"https:\/\/socored.es\/ca\/wp-json\/wp\/v2\/pages\/5975"}],"collection":[{"href":"https:\/\/socored.es\/ca\/wp-json\/wp\/v2\/pages"}],"about":[{"href":"https:\/\/socored.es\/ca\/wp-json\/wp\/v2\/types\/page"}],"author":[{"embeddable":true,"href":"https:\/\/socored.es\/ca\/wp-json\/wp\/v2\/users\/1"}],"replies":[{"embeddable":true,"href":"https:\/\/socored.es\/ca\/wp-json\/wp\/v2\/comments?post=5975"}],"version-history":[{"count":5,"href":"https:\/\/socored.es\/ca\/wp-json\/wp\/v2\/pages\/5975\/revisions"}],"predecessor-version":[{"id":6178,"href":"https:\/\/socored.es\/ca\/wp-json\/wp\/v2\/pages\/5975\/revisions\/6178"}],"up":[{"embeddable":true,"href":"https:\/\/socored.es\/ca\/wp-json\/wp\/v2\/pages\/5964"}],"wp:attachment":[{"href":"https:\/\/socored.es\/ca\/wp-json\/wp\/v2\/media?parent=5975"}],"curies":[{"name":"wp","href":"https:\/\/api.w.org\/{rel}","templated":true}]}}